{"id":135,"date":"2020-06-05T15:26:51","date_gmt":"2020-06-05T13:26:51","guid":{"rendered":"https:\/\/fuchs-zimmerei.ch\/?page_id=135"},"modified":"2026-03-04T18:51:55","modified_gmt":"2026-03-04T16:51:55","slug":"ueber-uns","status":"publish","type":"page","link":"https:\/\/fuchs-zimmerei.ch\/index.php\/ueber-uns\/","title":{"rendered":"\u00dcber uns"},"content":{"rendered":"<p>[vc_row][vc_column css=&#8220;.vc_custom_1591570328401{margin-top: 170px !important;}&#8220;][\/vc_column][\/vc_row][vc_row][vc_column][vc_column_text]<\/p>\n<div title=\"\" data-is-responsive=\"false\" data-display-mode=\"fill\" data-content-padding-horizontal=\"0\" data-content-padding-vertical=\"0\" data-exact-height=\"394\" class=\"ca1\" id=\"comp-ka30lde2\">\n<h2 id=\"comp-ka30lde2link\" class=\"ca1link\" style=\"text-align: center;\"><span style=\"color: #007e7b;\">Firmengeschichte<\/span><\/h2>\n<p style=\"text-align: center;\">1994 gr\u00fcndete Domink Fuchs die Einzelfirma Dominik Fuchs, Zimmerei.<br \/>\nIm Jahre 2005 wurde die bestens etablierte Einzelfirma in die Fuchs Zimmerei AG umgewandelt. 2020\u00a0 konnte mit dem langj\u00e4hrigen Mitarbeiter Gregor Fuchs ein kompetenter Nachfolger gefunden werden. F\u00fcr Ihr Holzbau-Projekt steht Ihnen unser Team, zusammengesetzt aus erfahrenen und jungen Mitarbeiter, als zuverl\u00e4ssiger Partner zur Seite.<\/p>\n<\/div>\n<p>[\/vc_column_text][\/vc_column][\/vc_row][vc_row][vc_column][vc_column_text]<\/p>\n<h2 style=\"text-align: center;\"><span style=\"color: #007e7b;\">Das Team<\/span><\/h2>\n<p>[\/vc_column_text][\/vc_column][\/vc_row][vc_row][vc_column css=&#8220;.vc_custom_1591569744777{margin-bottom: 50px !important;}&#8220;][vc_single_image image=&#8220;582&#8243; img_size=&#8220;large&#8220; alignment=&#8220;center&#8220;][\/vc_column][\/vc_row][vc_row][vc_column width=&#8220;1\/5&#8243; css=&#8220;.vc_custom_1591569318281{background-position: center !important;background-repeat: no-repeat !important;background-size: cover !important;}&#8220;][\/vc_column][vc_column width=&#8220;1\/5&#8243;][\/vc_column][vc_column width=&#8220;1\/5&#8243; css=&#8220;.vc_custom_1591569348357{background-color: #007e7b !important;background-position: center !important;background-repeat: no-repeat !important;background-size: cover !important;}&#8220;][vc_single_image image=&#8220;580&#8243; img_size=&#8220;240&#215;160&#8243; alignment=&#8220;center&#8220;][vc_column_text css=&#8220;.vc_custom_1759309853188{background-color: #007e7b !important;}&#8220;]<\/p>\n<h3 style=\"text-align: center;\"><span style=\"color: #ffffff;\">Gregor<\/span><\/h3>\n<h3 style=\"text-align: center;\"><span style=\"color: #ffffff;\"> Fuchs<\/span><\/h3>\n<h5 class=\"font_8\" style=\"text-align: center;\">Gesch\u00e4ftsinhaber<br \/>\nDipl. Holzbau Polier<\/h5>\n<h6 style=\"text-align: center;\">&#x67;&#x72;&#x65;&#x67;&#x6f;&#x72;&#x40;&#x66;&#x75;&#x63;&#x68;&#x73;&#x2d;&#x7a;&#x69;&#x6d;&#x6d;&#x65;&#x72;&#x65;&#x69;&#x2e;&#99;&#104;<\/h6>\n<h6 style=\"text-align: center;\">+41 55 414 50 50<\/h6>\n<p>[\/vc_column_text][\/vc_column][\/vc_row][vc_row][vc_column css=&#8220;.vc_custom_1591568047267{margin-top: 10px !important;margin-bottom: 10px !important;}&#8220;][\/vc_column][\/vc_row][vc_row][vc_column width=&#8220;1\/5&#8243; css=&#8220;.vc_custom_1591569451442{background-color: #007e7b !important;}&#8220;][vc_single_image image=&#8220;578&#8243; img_size=&#8220;240&#215;160&#8243; alignment=&#8220;center&#8220;][vc_column_text]<\/p>\n<h3 style=\"text-align: center;\"><span style=\"color: #ffffff;\">Elias<\/span><\/h3>\n<h3 style=\"text-align: center;\"><span style=\"color: #ffffff;\"> Auf der Maur<br \/>\n<\/span><\/h3>\n<h5 class=\"font_8\" style=\"text-align: center;\">Zimmermann EFZ<br \/>\nDipl. Holzbau Polier<\/h5>\n<h6 style=\"text-align: center;\">&#x65;&#x6c;&#x69;&#x61;&#x73;&#x40;&#x66;&#117;&#99;&#104;&#115;&#45;zimm&#x65;&#x72;&#x65;&#x69;&#x2e;&#x63;&#x68;<\/h6>\n<h6 style=\"text-align: center;\">+41 79 276 76 99<\/h6>\n<p>[\/vc_column_text][\/vc_column][vc_column width=&#8220;1\/5&#8243;][\/vc_column][vc_column width=&#8220;1\/5&#8243; css=&#8220;.vc_custom_1591569554117{background-color: #007e7b !important;}&#8220;][vc_single_image image=&#8220;567&#8243; img_size=&#8220;240&#215;160&#8243; alignment=&#8220;center&#8220;][vc_column_text]<\/p>\n<h3 style=\"text-align: center;\"><span style=\"color: #ffffff;\">Patrick<\/span><\/h3>\n<h3 style=\"text-align: center;\"><span style=\"color: #ffffff;\"> Schatt<\/span><\/h3>\n<h5 class=\"font_8\" style=\"text-align: center;\">Zimmermann EFZ<br \/>\nHolzbau Polier<\/h5>\n<h6 class=\"font_8\" style=\"text-align: center;\">&#112;&#x61;&#x74;r&#105;&#x63;&#x6b;&#64;&#102;&#x75;c&#104;&#x73;&#x2d;z&#105;&#x6d;m&#101;&#x72;&#x65;i&#46;&#x63;&#x68;<\/h6>\n<h6 style=\"text-align: center;\">+41 77 457 25 36<\/h6>\n<p>[\/vc_column_text][\/vc_column][vc_column width=&#8220;1\/5&#8243;][\/vc_column][vc_column width=&#8220;1\/5&#8243; css=&#8220;.vc_custom_1591568557984{background-color: #007e7b !important;}&#8220;][vc_single_image image=&#8220;575&#8243; img_size=&#8220;240&#215;160&#8243; alignment=&#8220;center&#8220;][vc_column_text]<\/p>\n<h3 style=\"text-align: center;\"><span style=\"color: #ffffff;\">Stefan<\/span><\/h3>\n<h3 style=\"text-align: center;\"><span style=\"color: #ffffff;\">Marggi<\/span><\/h3>\n<h5 class=\"font_8\" style=\"text-align: center;\">Zimmermann EFZ<br \/>\nHolzbau Vorarbeiter<\/h5>\n<h6 style=\"text-align: center;\">&#115;t&#x65;f&#x61;&#110;&#x40;&#102;&#x75;&#99;h&#x73;-&#x7a;&#105;&#x6d;&#109;&#x65;&#114;&#x65;&#105;&#46;&#x63;h<\/h6>\n<h6 style=\"text-align: center;\">+41 76 230 29 94<\/h6>\n<p>[\/vc_column_text][\/vc_column][\/vc_row][vc_row][vc_column css=&#8220;.vc_custom_1591568047267{margin-top: 10px !important;margin-bottom: 10px !important;}&#8220;][\/vc_column][\/vc_row][vc_row][vc_column width=&#8220;1\/5&#8243; css=&#8220;.vc_custom_1606824552807{background-color: #007e7b !important;}&#8220;][vc_single_image image=&#8220;568&#8243; img_size=&#8220;240&#215;160&#8243; alignment=&#8220;center&#8220;][vc_column_text]<\/p>\n<h3 style=\"text-align: center;\"><span style=\"color: #ffffff;\">Ruedi<\/span><\/h3>\n<h3 style=\"text-align: center;\"><span style=\"color: #ffffff;\">Marty<\/span><\/h3>\n<h5 class=\"font_8\" style=\"text-align: center;\">Zimmermann EFZ<br \/>\nHolzbau Polier<\/h5>\n<h6 style=\"text-align: center;\"><\/h6>\n<p>[\/vc_column_text][\/vc_column][vc_column width=&#8220;1\/5&#8243;][\/vc_column][vc_column width=&#8220;1\/5&#8243; css=&#8220;.vc_custom_1606486813120{background-color: #007e7b !important;}&#8220;][vc_single_image image=&#8220;573&#8243; img_size=&#8220;240&#215;160&#8243; alignment=&#8220;center&#8220;][vc_column_text]<\/p>\n<h3 style=\"text-align: center;\"><span style=\"color: #ffffff;\">Martin<\/span><\/h3>\n<h3 style=\"text-align: center;\"><span style=\"color: #ffffff;\">Bless<\/span><\/h3>\n<h5 class=\"font_8\" style=\"text-align: center;\">Zimmermann EFZ<br \/>\n<span style=\"color: #007e7b;\">.<\/span><\/h5>\n<p>[\/vc_column_text][\/vc_column][vc_column width=&#8220;1\/5&#8243;][\/vc_column][vc_column width=&#8220;1\/5&#8243; css=&#8220;.vc_custom_1678787118032{background-color: #007e7b !important;}&#8220;][vc_single_image image=&#8220;569&#8243; img_size=&#8220;240&#215;160&#8243; alignment=&#8220;center&#8220;][vc_column_text]<\/p>\n<h3 style=\"text-align: center;\"><span style=\"color: #ffffff;\">Andreas\u00a0<\/span><\/h3>\n<h3 style=\"text-align: center;\"><span style=\"color: #ffffff;\">F\u00e4ssler<\/span><\/h3>\n<h5 class=\"font_8\" style=\"text-align: center;\">Zimmermann EFZ<br \/>\n<span style=\"color: #007e7b;\">.<\/span><\/h5>\n<p>[\/vc_column_text][\/vc_column][\/vc_row][vc_row][vc_column css=&#8220;.vc_custom_1591568047267{margin-top: 10px !important;margin-bottom: 10px !important;}&#8220;][\/vc_column][\/vc_row][vc_row][vc_column width=&#8220;1\/5&#8243; css=&#8220;.vc_custom_1606824552807{background-color: #007e7b !important;}&#8220;][vc_single_image image=&#8220;576&#8243; img_size=&#8220;240&#215;160&#8243; alignment=&#8220;center&#8220;][vc_column_text]<\/p>\n<h3 style=\"text-align: center;\"><span style=\"color: #ffffff;\">Jonas<\/span><\/h3>\n<h3 style=\"text-align: center;\"><span style=\"color: #ffffff;\">Marty<\/span><\/h3>\n<h5 class=\"font_8\" style=\"text-align: center;\">Zimmermann EFZ<br \/>\n<span style=\"color: #007e7b;\">.<\/span><\/h5>\n<p>[\/vc_column_text][\/vc_column][vc_column width=&#8220;1\/5&#8243;][\/vc_column][vc_column width=&#8220;1\/5&#8243; css=&#8220;.vc_custom_1678787118032{background-color: #007e7b !important;}&#8220;][vc_single_image image=&#8220;566&#8243; img_size=&#8220;240&#215;160&#8243; alignment=&#8220;center&#8220;][vc_column_text]<\/p>\n<h3 style=\"text-align: center;\"><span style=\"color: #ffffff;\">Niels<\/span><\/h3>\n<h3 style=\"text-align: center;\"><span style=\"color: #ffffff;\">Reichmuth<\/span><\/h3>\n<h5 class=\"font_8\" style=\"text-align: center;\">Zimmermann EFZ<br \/>\n<span style=\"color: #007e7b;\">.<\/span><\/h5>\n<p>[\/vc_column_text][\/vc_column][vc_column width=&#8220;1\/5&#8243;][\/vc_column][vc_column width=&#8220;1\/5&#8243; css=&#8220;.vc_custom_1606486813120{background-color: #007e7b !important;}&#8220;][vc_single_image image=&#8220;572&#8243; img_size=&#8220;240&#215;160&#8243; alignment=&#8220;center&#8220;][vc_column_text]<\/p>\n<h3 style=\"text-align: center;\"><span style=\"color: #ffffff;\">Nils<\/span><\/h3>\n<h3 style=\"text-align: center;\"><span style=\"color: #ffffff;\">F\u00f6llmi<\/span><\/h3>\n<h5 class=\"font_8\" style=\"text-align: center;\">Zimmermann EFZ<br \/>\n<span style=\"color: #007e7b;\">.<\/span><\/h5>\n<p>[\/vc_column_text][\/vc_column][\/vc_row][vc_row][vc_column css=&#8220;.vc_custom_1591568047267{margin-top: 10px !important;margin-bottom: 10px !important;}&#8220;][\/vc_column][\/vc_row][vc_row][vc_column width=&#8220;1\/5&#8243; css=&#8220;.vc_custom_1678786560583{background-color: #007e7b !important;}&#8220;][vc_single_image image=&#8220;574&#8243; img_size=&#8220;240&#215;160&#8243; alignment=&#8220;center&#8220;][vc_column_text]<\/p>\n<h3 style=\"text-align: center;\"><span style=\"color: #ffffff;\">Thomas<\/span><\/h3>\n<h3 style=\"text-align: center;\"><span style=\"color: #ffffff;\">Fuchs<\/span><\/h3>\n<h5 class=\"font_8\" style=\"text-align: center;\">Zimmermann<br \/>\n<span style=\"color: #007e7b;\">.<\/span><\/h5>\n<p>[\/vc_column_text][\/vc_column][vc_column width=&#8220;1\/5&#8243;][\/vc_column][vc_column width=&#8220;1\/5&#8243; css=&#8220;.vc_custom_1772642475578{background-color: #007e7b !important;}&#8220;][vc_single_image image=&#8220;533&#8243; img_size=&#8220;240&#215;160&#8243; alignment=&#8220;center&#8220;][vc_column_text]<\/p>\n<h3 style=\"text-align: center;\"><span style=\"color: #ffffff;\">Matthias<\/span><\/h3>\n<h3 style=\"text-align: center;\"><span style=\"color: #ffffff;\">Oechslin<\/span><\/h3>\n<h5 class=\"font_8\" style=\"text-align: center;\">Zimmermann EFZ<br \/>\n<span style=\"color: #007e7b;\">.<\/span><\/h5>\n<p>[\/vc_column_text][\/vc_column][vc_column width=&#8220;1\/5&#8243;][\/vc_column][vc_column width=&#8220;1\/5&#8243; css=&#8220;.vc_custom_1678786571842{background-color: #007e7b !important;}&#8220;][vc_single_image image=&#8220;571&#8243; img_size=&#8220;240&#215;160&#8243; alignment=&#8220;center&#8220;][vc_column_text]<\/p>\n<h3 style=\"text-align: center;\"><span style=\"color: #ffffff;\">Albin<\/span><\/h3>\n<h3 style=\"text-align: center;\"><span style=\"color: #ffffff;\">Fuchs<\/span><\/h3>\n<h5 class=\"font_8\" style=\"text-align: center;\">Zimmermann<br \/>\n<span style=\"color: #007e7b;\">.<\/span><\/h5>\n<p>[\/vc_column_text][\/vc_column][vc_column][\/vc_column][\/vc_row][vc_row][vc_column width=&#8220;1\/5&#8243; css=&#8220;.vc_custom_1678786560583{background-color: #007e7b !important;}&#8220;][vc_single_image image=&#8220;533&#8243; img_size=&#8220;240&#215;160&#8243; alignment=&#8220;center&#8220;][vc_column_text]<\/p>\n<h3 style=\"text-align: center;\"><span style=\"color: #ffffff;\">Dominik<\/span><\/h3>\n<h3 style=\"text-align: center;\"><span style=\"color: #ffffff;\">Pfyl<\/span><\/h3>\n<h5 class=\"font_8\" style=\"text-align: center;\">Zimmermann EFZ<br \/>\n<span style=\"color: #007e7b;\">.<\/span><\/h5>\n<p>[\/vc_column_text][\/vc_column][vc_column width=&#8220;1\/5&#8243;][\/vc_column][vc_column width=&#8220;1\/5&#8243;][\/vc_column][vc_column width=&#8220;1\/5&#8243;][\/vc_column][vc_column width=&#8220;1\/5&#8243; css=&#8220;.vc_custom_1772642475578{background-color: #007e7b !important;}&#8220;][vc_single_image image=&#8220;533&#8243; img_size=&#8220;240&#215;160&#8243; alignment=&#8220;center&#8220;][vc_column_text]<\/p>\n<h3 style=\"text-align: center;\"><span style=\"color: #ffffff;\">Urs<\/span><\/h3>\n<h3 style=\"text-align: center;\"><span style=\"color: #ffffff;\">Marty<\/span><\/h3>\n<h5 class=\"font_8\" style=\"text-align: center;\">Zimmermann EFZ<br \/>\n<span style=\"color: #007e7b;\">.<\/span><\/h5>\n<p>[\/vc_column_text][\/vc_column][vc_column][\/vc_column][\/vc_row][vc_row full_width=&#8220;stretch_row&#8220; css=&#8220;.vc_custom_1591467707300{background-color: #777777 !important;}&#8220;][vc_column]<div class=\"mgt-cta-block clearfix white-text with-text no-side-paddings wpb_content_element\" data-style=\"background-color: ;\"><div class=\"mgt-button-wrapper mgt-button-wrapper-align-right mgt-button-wrapper-display-newline mgt-button-top-margin-disable\"><a class=\"btn hvr-sweep-to-bottom mgt-button mgt-style-borderedgrey mgt-size-normal mgt-align-right mgt-display-newline mgt-text-size-normal mgt-button-icon-position-left mgt-text-transform-uppercase \" href=\"http:\/\/fuchs-zimmerei.ch\/index.php\/kontakt\/\"><i class=\"fa fa-file-text-o\"><\/i>Kontakt<\/a><\/div><h5 class=\"mgt-cta-block-header\">Fuchs Zimmerei AG<\/h5><div class=\"mgt-cta-block-content\">Holzbau. Bauen mit Holz, Sinn &amp; Verstand.<\/div><\/div>[\/vc_column][\/vc_row]<\/p>\n","protected":false},"excerpt":{"rendered":"<p>[vc_row][vc_column css=&#8220;.vc_custom_1591570328401{margin-top: 170px !important;}&#8220;][\/vc_column][\/vc_row][vc_row][vc_column][vc_column_text] Firmengeschichte 1994 gr\u00fcndete Domink Fuchs die Einzelfirma Dominik Fuchs, Zimmerei. Im Jahre 2005 wurde die bestens etablierte Einzelfirma in die Fuchs Zimmerei AG umgewandelt. 2020\u00a0 konnte&#8230;<\/p>\n","protected":false},"author":1,"featured_media":0,"parent":0,"menu_order":0,"comment_status":"closed","ping_status":"closed","template":"","meta":{"footnotes":""},"yoast_head":"<!-- This site is optimized with the Yoast SEO plugin v18.4.1 - https:\/\/yoast.com\/wordpress\/plugins\/seo\/ -->\n<title>\u00dcber uns - Fuchs Zimmerei AG<\/title>\n<meta name=\"robots\" content=\"index, follow, max-snippet:-1, max-image-preview:large, max-video-preview:-1\" \/>\n<link rel=\"canonical\" href=\"https:\/\/fuchs-zimmerei.ch\/index.php\/ueber-uns\/\" \/>\n<meta property=\"og:locale\" content=\"de_DE\" \/>\n<meta property=\"og:type\" content=\"article\" \/>\n<meta property=\"og:title\" content=\"\u00dcber uns - Fuchs Zimmerei AG\" \/>\n<meta property=\"og:description\" content=\"[vc_row][vc_column css=&#8220;.vc_custom_1591570328401{margin-top: 170px !important;}&#8220;][\/vc_column][\/vc_row][vc_row][vc_column][vc_column_text] Firmengeschichte 1994 gr\u00fcndete Domink Fuchs die Einzelfirma Dominik Fuchs, Zimmerei. Im Jahre 2005 wurde die bestens etablierte Einzelfirma in die Fuchs Zimmerei AG umgewandelt. 2020\u00a0 konnte...\" \/>\n<meta property=\"og:url\" content=\"https:\/\/fuchs-zimmerei.ch\/index.php\/ueber-uns\/\" \/>\n<meta property=\"og:site_name\" content=\"Fuchs Zimmerei AG\" \/>\n<meta property=\"article:modified_time\" content=\"2026-03-04T16:51:55+00:00\" \/>\n<meta name=\"twitter:card\" content=\"summary_large_image\" \/>\n<meta name=\"twitter:label1\" content=\"Gesch\u00e4tzte Lesezeit\" \/>\n\t<meta name=\"twitter:data1\" content=\"4\u00a0Minuten\" \/>\n<script type=\"application\/ld+json\" class=\"yoast-schema-graph\">{\"@context\":\"https:\/\/schema.org\",\"@graph\":[{\"@type\":\"WebSite\",\"@id\":\"https:\/\/fuchs-zimmerei.ch\/#website\",\"url\":\"https:\/\/fuchs-zimmerei.ch\/\",\"name\":\"Fuchs Zimmerei AG\",\"description\":\"Ihr regionaler Partner rund um den Holzbau\",\"potentialAction\":[{\"@type\":\"SearchAction\",\"target\":{\"@type\":\"EntryPoint\",\"urlTemplate\":\"https:\/\/fuchs-zimmerei.ch\/?s={search_term_string}\"},\"query-input\":\"required name=search_term_string\"}],\"inLanguage\":\"de\"},{\"@type\":\"WebPage\",\"@id\":\"https:\/\/fuchs-zimmerei.ch\/index.php\/ueber-uns\/#webpage\",\"url\":\"https:\/\/fuchs-zimmerei.ch\/index.php\/ueber-uns\/\",\"name\":\"\u00dcber uns - Fuchs Zimmerei AG\",\"isPartOf\":{\"@id\":\"https:\/\/fuchs-zimmerei.ch\/#website\"},\"datePublished\":\"2020-06-05T13:26:51+00:00\",\"dateModified\":\"2026-03-04T16:51:55+00:00\",\"breadcrumb\":{\"@id\":\"https:\/\/fuchs-zimmerei.ch\/index.php\/ueber-uns\/#breadcrumb\"},\"inLanguage\":\"de\",\"potentialAction\":[{\"@type\":\"ReadAction\",\"target\":[\"https:\/\/fuchs-zimmerei.ch\/index.php\/ueber-uns\/\"]}]},{\"@type\":\"BreadcrumbList\",\"@id\":\"https:\/\/fuchs-zimmerei.ch\/index.php\/ueber-uns\/#breadcrumb\",\"itemListElement\":[{\"@type\":\"ListItem\",\"position\":1,\"name\":\"Startseite\",\"item\":\"https:\/\/fuchs-zimmerei.ch\/\"},{\"@type\":\"ListItem\",\"position\":2,\"name\":\"\u00dcber uns\"}]}]}<\/script>\n<!-- \/ Yoast SEO plugin. -->","yoast_head_json":{"title":"\u00dcber uns - Fuchs Zimmerei AG","robots":{"index":"index","follow":"follow","max-snippet":"max-snippet:-1","max-image-preview":"max-image-preview:large","max-video-preview":"max-video-preview:-1"},"canonical":"https:\/\/fuchs-zimmerei.ch\/index.php\/ueber-uns\/","og_locale":"de_DE","og_type":"article","og_title":"\u00dcber uns - Fuchs Zimmerei AG","og_description":"[vc_row][vc_column css=&#8220;.vc_custom_1591570328401{margin-top: 170px !important;}&#8220;][\/vc_column][\/vc_row][vc_row][vc_column][vc_column_text] Firmengeschichte 1994 gr\u00fcndete Domink Fuchs die Einzelfirma Dominik Fuchs, Zimmerei. Im Jahre 2005 wurde die bestens etablierte Einzelfirma in die Fuchs Zimmerei AG umgewandelt. 2020\u00a0 konnte...","og_url":"https:\/\/fuchs-zimmerei.ch\/index.php\/ueber-uns\/","og_site_name":"Fuchs Zimmerei AG","article_modified_time":"2026-03-04T16:51:55+00:00","twitter_card":"summary_large_image","twitter_misc":{"Gesch\u00e4tzte Lesezeit":"4\u00a0Minuten"},"schema":{"@context":"https:\/\/schema.org","@graph":[{"@type":"WebSite","@id":"https:\/\/fuchs-zimmerei.ch\/#website","url":"https:\/\/fuchs-zimmerei.ch\/","name":"Fuchs Zimmerei AG","description":"Ihr regionaler Partner rund um den Holzbau","potentialAction":[{"@type":"SearchAction","target":{"@type":"EntryPoint","urlTemplate":"https:\/\/fuchs-zimmerei.ch\/?s={search_term_string}"},"query-input":"required name=search_term_string"}],"inLanguage":"de"},{"@type":"WebPage","@id":"https:\/\/fuchs-zimmerei.ch\/index.php\/ueber-uns\/#webpage","url":"https:\/\/fuchs-zimmerei.ch\/index.php\/ueber-uns\/","name":"\u00dcber uns - Fuchs Zimmerei AG","isPartOf":{"@id":"https:\/\/fuchs-zimmerei.ch\/#website"},"datePublished":"2020-06-05T13:26:51+00:00","dateModified":"2026-03-04T16:51:55+00:00","breadcrumb":{"@id":"https:\/\/fuchs-zimmerei.ch\/index.php\/ueber-uns\/#breadcrumb"},"inLanguage":"de","potentialAction":[{"@type":"ReadAction","target":["https:\/\/fuchs-zimmerei.ch\/index.php\/ueber-uns\/"]}]},{"@type":"BreadcrumbList","@id":"https:\/\/fuchs-zimmerei.ch\/index.php\/ueber-uns\/#breadcrumb","itemListElement":[{"@type":"ListItem","position":1,"name":"Startseite","item":"https:\/\/fuchs-zimmerei.ch\/"},{"@type":"ListItem","position":2,"name":"\u00dcber uns"}]}]}},"_links":{"self":[{"href":"https:\/\/fuchs-zimmerei.ch\/index.php\/wp-json\/wp\/v2\/pages\/135"}],"collection":[{"href":"https:\/\/fuchs-zimmerei.ch\/index.php\/wp-json\/wp\/v2\/pages"}],"about":[{"href":"https:\/\/fuchs-zimmerei.ch\/index.php\/wp-json\/wp\/v2\/types\/page"}],"author":[{"embeddable":true,"href":"https:\/\/fuchs-zimmerei.ch\/index.php\/wp-json\/wp\/v2\/users\/1"}],"replies":[{"embeddable":true,"href":"https:\/\/fuchs-zimmerei.ch\/index.php\/wp-json\/wp\/v2\/comments?post=135"}],"version-history":[{"count":126,"href":"https:\/\/fuchs-zimmerei.ch\/index.php\/wp-json\/wp\/v2\/pages\/135\/revisions"}],"predecessor-version":[{"id":643,"href":"https:\/\/fuchs-zimmerei.ch\/index.php\/wp-json\/wp\/v2\/pages\/135\/revisions\/643"}],"wp:attachment":[{"href":"https:\/\/fuchs-zimmerei.ch\/index.php\/wp-json\/wp\/v2\/media?parent=135"}],"curies":[{"name":"wp","href":"https:\/\/api.w.org\/{rel}","templated":true}]}}